{"id":5769,"date":"2024-03-28T11:22:34","date_gmt":"2024-03-28T10:22:34","guid":{"rendered":"https:\/\/www.titan-laerche.de\/?page_id=5769"},"modified":"2025-03-05T14:44:21","modified_gmt":"2025-03-05T13:44:21","slug":"mission","status":"publish","type":"page","link":"https:\/\/www.titan-laerche.de\/en\/mission\/","title":{"rendered":"mission"},"content":{"rendered":"\t\t<div data-elementor-type=\"wp-page\" data-elementor-id=\"5769\" class=\"elementor elementor-5769\" data-elementor-post-type=\"page\">\n\t\t\t\t\t\t<section class=\"elementor-section elementor-top-section elementor-element elementor-element-12b2f9c elementor-section-full_width elementor-hidden-mobile elementor-section-height-default elementor-section-height-default\" data-id=\"12b2f9c\" data-element_type=\"section\" data-e-type=\"section\" data-settings=\"{&quot;background_background&quot;:&quot;classic&quot;}\">\n\t\t\t\t\t\t<div class=\"elementor-container elementor-column-gap-no\">\n\t\t\t\t\t<div class=\"elementor-column elementor-col-100 elementor-top-column elementor-element elementor-element-05236f9\" data-id=\"05236f9\" data-element_type=\"column\" data-e-type=\"column\" data-settings=\"{&quot;background_background&quot;:&quot;classic&quot;}\">\n\t\t\t<div class=\"elementor-widget-wrap elementor-element-populated\">\n\t\t\t\t\t\t<div class=\"elementor-element elementor-element-cdab136 animated-slow elementor-invisible elementor-widget elementor-widget-heading\" data-id=\"cdab136\" data-element_type=\"widget\" data-e-type=\"widget\" data-settings=\"{&quot;_animation&quot;:&quot;fadeIn&quot;}\" data-widget_type=\"heading.default\">\n\t\t\t\t<div class=\"elementor-widget-container\">\n\t\t\t\t\t<h2 class=\"elementor-heading-title elementor-size-default\">Mission: Klimaresiliente Forstwirtschaft<\/h2>\t\t\t\t<\/div>\n\t\t\t\t<\/div>\n\t\t\t\t<div class=\"elementor-element elementor-element-f17fe7a animated-slow elementor-invisible elementor-widget elementor-widget-text-editor\" data-id=\"f17fe7a\" data-element_type=\"widget\" data-e-type=\"widget\" data-settings=\"{&quot;_animation&quot;:&quot;fadeIn&quot;}\" data-widget_type=\"text-editor.default\">\n\t\t\t\t<div class=\"elementor-widget-container\">\n\t\t\t\t\t\t\t\t\t<p>Sicherstellung der nachhaltigen Bewirtschaftung und Nutzung unserer W\u00e4lder.<\/p>\t\t\t\t\t\t\t\t<\/div>\n\t\t\t\t<\/div>\n\t\t\t\t\t<\/div>\n\t\t<\/div>\n\t\t\t\t\t<\/div>\n\t\t<\/section>\n\t\t\t\t<section class=\"elementor-section elementor-top-section elementor-element elementor-element-09f8777 elementor-section-full_width elementor-hidden-desktop elementor-hidden-tablet elementor-section-height-default elementor-section-height-default\" data-id=\"09f8777\" data-element_type=\"section\" data-e-type=\"section\" data-settings=\"{&quot;background_background&quot;:&quot;classic&quot;}\">\n\t\t\t\t\t\t<div class=\"elementor-container elementor-column-gap-no\">\n\t\t\t\t\t<div class=\"elementor-column elementor-col-100 elementor-top-column elementor-element elementor-element-d752211\" data-id=\"d752211\" data-element_type=\"column\" data-e-type=\"column\" data-settings=\"{&quot;background_background&quot;:&quot;classic&quot;}\">\n\t\t\t<div class=\"elementor-widget-wrap elementor-element-populated\">\n\t\t\t\t\t\t<div class=\"elementor-element elementor-element-89c563d animated-slow elementor-invisible elementor-widget elementor-widget-heading\" data-id=\"89c563d\" data-element_type=\"widget\" data-e-type=\"widget\" data-settings=\"{&quot;_animation&quot;:&quot;fadeIn&quot;}\" data-widget_type=\"heading.default\">\n\t\t\t\t<div class=\"elementor-widget-container\">\n\t\t\t\t\t<h2 class=\"elementor-heading-title elementor-size-default\">Mission: Klimaresiliente Forstwirtschaft<\/h2>\t\t\t\t<\/div>\n\t\t\t\t<\/div>\n\t\t\t\t<div class=\"elementor-element elementor-element-255bfd4 animated-slow elementor-invisible elementor-widget elementor-widget-text-editor\" data-id=\"255bfd4\" data-element_type=\"widget\" data-e-type=\"widget\" data-settings=\"{&quot;_animation&quot;:&quot;fadeIn&quot;}\" data-widget_type=\"text-editor.default\">\n\t\t\t\t<div class=\"elementor-widget-container\">\n\t\t\t\t\t\t\t\t\t<p>Sicherstellung der nachhaltigen Bewirtschaftung und Nutzung unserer W\u00e4lder.<\/p>\t\t\t\t\t\t\t\t<\/div>\n\t\t\t\t<\/div>\n\t\t\t\t\t<\/div>\n\t\t<\/div>\n\t\t\t\t\t<\/div>\n\t\t<\/section>\n\t\t<div class=\"shapeanimation eco-section-image eco-section-image-99511f7 elementor-repeater-item-340b66e\"><\/div><div class=\"shapeanimation eco-section-image eco-section-image-99511f7 elementor-repeater-item-d533c1c\"><\/div>\t\t<section data-eco-section-image=\"yes\" class=\"elementor-section elementor-top-section elementor-element elementor-element-99511f7 elementor-hidden-mobile elementor-section-boxed elementor-section-height-default elementor-section-height-default\" data-id=\"99511f7\" data-element_type=\"section\" data-e-type=\"section\" data-settings=\"{&quot;background_background&quot;:&quot;classic&quot;}\">\n\t\t\t\t\t\t<div class=\"elementor-container elementor-column-gap-no\">\n\t\t\t\t\t<div class=\"elementor-column elementor-col-100 elementor-top-column elementor-element elementor-element-5b29de0\" data-id=\"5b29de0\" data-element_type=\"column\" data-e-type=\"column\">\n\t\t\t<div class=\"elementor-widget-wrap elementor-element-populated\">\n\t\t\t\t\t\t<div class=\"elementor-element elementor-element-f60a581 animated-slow elementor-invisible elementor-widget elementor-widget-text-editor\" data-id=\"f60a581\" data-element_type=\"widget\" data-e-type=\"widget\" data-settings=\"{&quot;_animation&quot;:&quot;fadeIn&quot;}\" data-widget_type=\"text-editor.default\">\n\t\t\t\t<div class=\"elementor-widget-container\">\n\t\t\t\t\t\t\t\t\t<p>DER WALD: UNSERE LEBENSADER IM EINSATZ GEGEN DEN KLIMAWANDEL<\/p>\t\t\t\t\t\t\t\t<\/div>\n\t\t\t\t<\/div>\n\t\t\t\t<div class=\"elementor-element elementor-element-9fe3205 animated-slow elementor-invisible elementor-widget elementor-widget-heading\" data-id=\"9fe3205\" data-element_type=\"widget\" data-e-type=\"widget\" data-settings=\"{&quot;_animation&quot;:&quot;fadeIn&quot;}\" data-widget_type=\"heading.default\">\n\t\t\t\t<div class=\"elementor-widget-container\">\n\t\t\t\t\t<h2 class=\"elementor-heading-title elementor-size-default\">Herausforderungen und <br>L\u00f6sungsans\u00e4tze<\/h2>\t\t\t\t<\/div>\n\t\t\t\t<\/div>\n\t\t\t\t<div class=\"elementor-element elementor-element-f0275d4 animated-slow elementor-invisible elementor-widget elementor-widget-text-editor\" data-id=\"f0275d4\" data-element_type=\"widget\" data-e-type=\"widget\" data-settings=\"{&quot;_animation&quot;:&quot;fadeIn&quot;}\" data-widget_type=\"text-editor.default\">\n\t\t\t\t<div class=\"elementor-widget-container\">\n\t\t\t\t\t\t\t\t\t<div class=\"flex flex-grow flex-col max-w-full\"><div class=\"min-h-[20px] text-message flex flex-col items-start gap-3 whitespace-pre-wrap break-words [.text-message+&amp;]:mt-5 overflow-x-auto\" dir=\"auto\" data-message-author-role=\"assistant\" data-message-id=\"7c629b6d-e801-4c9b-9bf7-4f68d4e08432\"><div class=\"markdown prose w-full break-words dark:prose-invert light\"><p>Der Klimawandel hat vielf\u00e4ltige und tiefgreifende Auswirkungen auf unsere W\u00e4lder. H\u00f6here Temperaturen und Trockenstress erh\u00f6hen das Risiko von Baumsch\u00e4den und -sterben. Dadurch wird die F\u00e4higkeit der W\u00e4lder, Kohlenstoff zu binden und zur Minderung der Klimaerw\u00e4rmung beizutragen, beeintr\u00e4chtigt.<\/p><p>Die Zusammensetzung der Baumarten ver\u00e4ndert sich, da einige Arten besser an die neuen Bedingungen angepasst sind als andere. Einige spezialisierte Arten, die an spezifische klimatische Bedingungen angepasst sind, k\u00f6nnten verschwinden, was die Biodiversit\u00e4t verringert.<\/p><p>H\u00f6here Temperaturen und Trockenheit erh\u00f6hen zudem die H\u00e4ufigkeit und Intensit\u00e4t von Waldbr\u00e4nden.<\/p><\/div><\/div><\/div>\t\t\t\t\t\t\t\t<\/div>\n\t\t\t\t<\/div>\n\t\t\t\t\t<\/div>\n\t\t<\/div>\n\t\t\t\t\t<\/div>\n\t\t<\/section>\n\t\t<div class=\"shapeanimation eco-section-image eco-section-image-dd564e5 elementor-repeater-item-340b66e\"><\/div><div class=\"shapeanimation eco-section-image eco-section-image-dd564e5 elementor-repeater-item-d533c1c\"><\/div>\t\t<section data-eco-section-image=\"yes\" class=\"elementor-section elementor-top-section elementor-element elementor-element-dd564e5 elementor-hidden-desktop elementor-hidden-tablet elementor-section-boxed elementor-section-height-default elementor-section-height-default\" data-id=\"dd564e5\" data-element_type=\"section\" data-e-type=\"section\" data-settings=\"{&quot;background_background&quot;:&quot;classic&quot;}\">\n\t\t\t\t\t\t<div class=\"elementor-container elementor-column-gap-no\">\n\t\t\t\t\t<div class=\"elementor-column elementor-col-100 elementor-top-column elementor-element elementor-element-6081587\" data-id=\"6081587\" data-element_type=\"column\" data-e-type=\"column\">\n\t\t\t<div class=\"elementor-widget-wrap elementor-element-populated\">\n\t\t\t\t\t\t<div class=\"elementor-element elementor-element-d001cd7 animated-slow elementor-invisible elementor-widget elementor-widget-text-editor\" data-id=\"d001cd7\" data-element_type=\"widget\" data-e-type=\"widget\" data-settings=\"{&quot;_animation&quot;:&quot;fadeIn&quot;}\" data-widget_type=\"text-editor.default\">\n\t\t\t\t<div class=\"elementor-widget-container\">\n\t\t\t\t\t\t\t\t\t<p>DER WALD: UNSERE LEBENSADER IM EINSATZ GEGEN DEN KLIMAWANDEL<\/p>\t\t\t\t\t\t\t\t<\/div>\n\t\t\t\t<\/div>\n\t\t\t\t<div class=\"elementor-element elementor-element-ad2e815 animated-slow elementor-invisible elementor-widget elementor-widget-heading\" data-id=\"ad2e815\" data-element_type=\"widget\" data-e-type=\"widget\" data-settings=\"{&quot;_animation&quot;:&quot;fadeIn&quot;}\" data-widget_type=\"heading.default\">\n\t\t\t\t<div class=\"elementor-widget-container\">\n\t\t\t\t\t<h2 class=\"elementor-heading-title elementor-size-default\">Herausforderungen und L\u00f6sungsans\u00e4tze<\/h2>\t\t\t\t<\/div>\n\t\t\t\t<\/div>\n\t\t\t\t<div class=\"elementor-element elementor-element-a1f8177 animated-slow elementor-invisible elementor-widget elementor-widget-text-editor\" data-id=\"a1f8177\" data-element_type=\"widget\" data-e-type=\"widget\" data-settings=\"{&quot;_animation&quot;:&quot;fadeIn&quot;}\" data-widget_type=\"text-editor.default\">\n\t\t\t\t<div class=\"elementor-widget-container\">\n\t\t\t\t\t\t\t\t\t<div class=\"flex flex-grow flex-col max-w-full\"><div class=\"min-h-[20px] text-message flex flex-col items-start gap-3 whitespace-pre-wrap break-words [.text-message+&amp;]:mt-5 overflow-x-auto\" dir=\"auto\" data-message-author-role=\"assistant\" data-message-id=\"7c629b6d-e801-4c9b-9bf7-4f68d4e08432\"><div class=\"markdown prose w-full break-words dark:prose-invert light\"><p>Der Klimawandel hat vielf\u00e4ltige und tiefgreifende Auswirkungen auf unsere W\u00e4lder. H\u00f6here Temperaturen und Trockenstress erh\u00f6hen das Risiko von Baumsch\u00e4den und -sterben. Dadurch wird die F\u00e4higkeit der W\u00e4lder, Kohlenstoff zu binden und zur Minderung der Klimaerw\u00e4rmung beizutragen, beeintr\u00e4chtigt.<\/p><p>Die Zusammensetzung der Baumarten ver\u00e4ndert sich, da einige Arten besser an die neuen Bedingungen angepasst sind als andere. Einige spezialisierte Arten, die an spezifische klimatische Bedingungen angepasst sind, k\u00f6nnten verschwinden, was die Biodiversit\u00e4t verringert.<\/p><p>H\u00f6here Temperaturen und Trockenheit erh\u00f6hen zudem die H\u00e4ufigkeit und Intensit\u00e4t von Waldbr\u00e4nden.<\/p><\/div><\/div><\/div>\t\t\t\t\t\t\t\t<\/div>\n\t\t\t\t<\/div>\n\t\t\t\t\t<\/div>\n\t\t<\/div>\n\t\t\t\t\t<\/div>\n\t\t<\/section>\n\t\t<div class=\"shapeanimation eco-section-image eco-section-image-64bdd14 elementor-repeater-item-50a81a4\"><\/div>\t\t<section data-eco-section-image=\"yes\" class=\"elementor-section elementor-top-section elementor-element elementor-element-64bdd14 elementor-section-content-top elementor-hidden-mobile elementor-section-boxed elementor-section-height-default elementor-section-height-default\" data-id=\"64bdd14\" data-element_type=\"section\" data-e-type=\"section\" data-settings=\"{&quot;background_background&quot;:&quot;classic&quot;}\">\n\t\t\t\t\t\t<div class=\"elementor-container elementor-column-gap-no\">\n\t\t\t\t\t<div class=\"elementor-column elementor-col-50 elementor-top-column elementor-element elementor-element-80a170b\" data-id=\"80a170b\" data-element_type=\"column\" data-e-type=\"column\">\n\t\t\t<div class=\"elementor-widget-wrap elementor-element-populated\">\n\t\t\t\t\t\t<div class=\"elementor-element elementor-element-6478d46 animated-slow elementor-invisible elementor-widget elementor-widget-text-editor\" data-id=\"6478d46\" data-element_type=\"widget\" data-e-type=\"widget\" data-settings=\"{&quot;_animation&quot;:&quot;fadeIn&quot;}\" data-widget_type=\"text-editor.default\">\n\t\t\t\t<div class=\"elementor-widget-container\">\n\t\t\t\t\t\t\t\t\t<p>\u00a0F\u00dcR EINE GR\u00dcNERE ZUKUNFT<\/p>\t\t\t\t\t\t\t\t<\/div>\n\t\t\t\t<\/div>\n\t\t\t\t<div class=\"elementor-element elementor-element-7b114bb animated-slow elementor-invisible elementor-widget elementor-widget-heading\" data-id=\"7b114bb\" data-element_type=\"widget\" data-e-type=\"widget\" data-settings=\"{&quot;_animation&quot;:&quot;fadeIn&quot;}\" data-widget_type=\"heading.default\">\n\t\t\t\t<div class=\"elementor-widget-container\">\n\t\t\t\t\t<h2 class=\"elementor-heading-title elementor-size-default\">Revolution\u00e4re Vermehrung:<\/h2>\t\t\t\t<\/div>\n\t\t\t\t<\/div>\n\t\t\t\t<div class=\"elementor-element elementor-element-62acac9 animated-slow elementor-invisible elementor-widget elementor-widget-text-editor\" data-id=\"62acac9\" data-element_type=\"widget\" data-e-type=\"widget\" data-settings=\"{&quot;_animation&quot;:&quot;fadeIn&quot;}\" data-widget_type=\"text-editor.default\">\n\t\t\t\t<div class=\"elementor-widget-container\">\n\t\t\t\t\t\t\t\t\t<p>Wir haben im Labor eine Alternative entwickelt, bei der &#8222;Keimlinge&#8220; in-vitro vervielf\u00e4ltigt werden.<\/p>\t\t\t\t\t\t\t\t<\/div>\n\t\t\t\t<\/div>\n\t\t\t\t<div class=\"elementor-element elementor-element-3664805 animated-slow elementor-invisible elementor-widget elementor-widget-button\" data-id=\"3664805\" data-element_type=\"widget\" data-e-type=\"widget\" data-settings=\"{&quot;_animation&quot;:&quot;fadeInRight&quot;,&quot;_animation_delay&quot;:200}\" data-widget_type=\"button.default\">\n\t\t\t\t<div class=\"elementor-widget-container\">\n\t\t\t\t\t\t\t\t\t<div class=\"elementor-button-wrapper\">\n\t\t\t\t\t<a class=\"elementor-button elementor-button-link elementor-size-sm\" href=\"#\">\n\t\t\t\t\t\t<span class=\"elementor-button-content-wrapper\">\n\t\t\t\t\t\t\t\t\t<span class=\"elementor-button-text\">Somatische Embryogenese<\/span>\n\t\t\t\t\t<\/span>\n\t\t\t\t\t<\/a>\n\t\t\t\t<\/div>\n\t\t\t\t\t\t\t\t<\/div>\n\t\t\t\t<\/div>\n\t\t\t\t\t<\/div>\n\t\t<\/div>\n\t\t\t\t<div class=\"elementor-column elementor-col-50 elementor-top-column elementor-element elementor-element-c09db5c\" data-id=\"c09db5c\" data-element_type=\"column\" data-e-type=\"column\">\n\t\t\t<div class=\"elementor-widget-wrap elementor-element-populated\">\n\t\t\t\t\t\t<div class=\"elementor-element elementor-element-f45f5c7 animated-slow elementor-invisible elementor-widget elementor-widget-text-editor\" data-id=\"f45f5c7\" data-element_type=\"widget\" data-e-type=\"widget\" data-settings=\"{&quot;_animation&quot;:&quot;fadeIn&quot;}\" data-widget_type=\"text-editor.default\">\n\t\t\t\t<div class=\"elementor-widget-container\">\n\t\t\t\t\t\t\t\t\t<p>ERHALT UND F\u00d6RDERUNG VON MISCHW\u00c4LDERN<\/p>\t\t\t\t\t\t\t\t<\/div>\n\t\t\t\t<\/div>\n\t\t\t\t<div class=\"elementor-element elementor-element-46126c3 animated-slow elementor-invisible elementor-widget elementor-widget-text-editor\" data-id=\"46126c3\" data-element_type=\"widget\" data-e-type=\"widget\" data-settings=\"{&quot;_animation&quot;:&quot;fadeIn&quot;}\" data-widget_type=\"text-editor.default\">\n\t\t\t\t<div class=\"elementor-widget-container\">\n\t\t\t\t\t\t\t\t\t<p>Um klimaresiliente W\u00e4lder aufzubauen, sind forstwirtschaftliche Ma\u00dfnahmen erforderlich, die darauf abzielen, die Anpassungsf\u00e4higkeit und Widerstandsf\u00e4higkeit der Wald\u00f6kosysteme zu verbessern. Dazu geh\u00f6ren:<\/p>\t\t\t\t\t\t\t\t<\/div>\n\t\t\t\t<\/div>\n\t\t\t\t<div class=\"elementor-element elementor-element-b066c0e animated-slow elementor-invisible elementor-widget elementor-widget-eco_eco-v2\" data-id=\"b066c0e\" data-element_type=\"widget\" data-e-type=\"widget\" data-settings=\"{&quot;_animation&quot;:&quot;fadeIn&quot;}\" data-widget_type=\"eco_eco-v2.default\">\n\t\t\t\t<div class=\"elementor-widget-container\">\n\t\t\t\t\t        <div class=\"ecofine_list-wrapper\">\n            <div class=\"container\">\n                <div class=\"row \">\n                                            <div class=\"col-xl-12 col-lg-12 col-md-12 col-12\">\n                            <div class=\"Eco-list-box \">\n                                <div class=\" eco-icon-list\">\n                                    <div class=\"eco-list-icon\">\n                                        <i aria-hidden=\"true\" class=\"bi bi-check2\"><\/i>                                    <\/div>\n                                <\/div>\n                                <div class=\"list-content-area\">\n\t\t\t\t\t\t\t\t\t \t\t\t\t\t\t\t\t\t\t<h3 class=\"list-title\"> \n\t\t\t\t\t\t\t\t\t\t\t\t\t\t\t\t\t\t\t\t\t\tF\u00f6rderung der nat\u00fcrlichen Regeneration von W\u00e4ldern\t\t\t\t\t\t\t\t\t\t\t\t\t\t\t\t\t\t\t\t\t<\/h3>\n\t\t\t\t\t\t\t\t \t\t\t\t\t\t\t\t\t\t                                <\/div>\n                            <\/div>\n                        <\/div>\n                                            <div class=\"col-xl-12 col-lg-12 col-md-12 col-12\">\n                            <div class=\"Eco-list-box \">\n                                <div class=\" eco-icon-list\">\n                                    <div class=\"eco-list-icon\">\n                                        <i aria-hidden=\"true\" class=\"bi bi-check2\"><\/i>                                    <\/div>\n                                <\/div>\n                                <div class=\"list-content-area\">\n\t\t\t\t\t\t\t\t\t \t\t\t\t\t\t\t\t\t\t<h3 class=\"list-title\"> \n\t\t\t\t\t\t\t\t\t\t\t\t\t\t\t\t\t\t\t\t\t\tDurchf\u00fchrung von gezielten Aufforstungs- und Wiederaufforstungsprojekten\t\t\t\t\t\t\t\t\t\t\t\t\t\t\t\t\t\t\t\t\t<\/h3>\n\t\t\t\t\t\t\t\t \t\t\t\t\t\t\t\t\t\t                                <\/div>\n                            <\/div>\n                        <\/div>\n                                            <div class=\"col-xl-12 col-lg-12 col-md-12 col-12\">\n                            <div class=\"Eco-list-box \">\n                                <div class=\" eco-icon-list\">\n                                    <div class=\"eco-list-icon\">\n                                        <i aria-hidden=\"true\" class=\"bi bi-check2\"><\/i>                                    <\/div>\n                                <\/div>\n                                <div class=\"list-content-area\">\n\t\t\t\t\t\t\t\t\t \t\t\t\t\t\t\t\t\t\t<h3 class=\"list-title\"> \n\t\t\t\t\t\t\t\t\t\t\t\t\t\t\t\t\t\t\t\t\t\tImplementierung von nachhaltigen Waldbewirtschaftungspraktiken\t\t\t\t\t\t\t\t\t\t\t\t\t\t\t\t\t\t\t\t\t<\/h3>\n\t\t\t\t\t\t\t\t \t\t\t\t\t\t\t\t\t\t                                <\/div>\n                            <\/div>\n                        <\/div>\n                                            <div class=\"col-xl-12 col-lg-12 col-md-12 col-12\">\n                            <div class=\"Eco-list-box \">\n                                <div class=\" eco-icon-list\">\n                                    <div class=\"eco-list-icon\">\n                                        <i aria-hidden=\"true\" class=\"bi bi-check2\"><\/i>                                    <\/div>\n                                <\/div>\n                                <div class=\"list-content-area\">\n\t\t\t\t\t\t\t\t\t \t\t\t\t\t\t\t\t\t\t<h3 class=\"list-title\"> \n\t\t\t\t\t\t\t\t\t\t\t\t\t\t\t\t\t\t\t\t\t\tVerst\u00e4rkung der Waldbrandpr\u00e4vention und -bek\u00e4mpfung\t\t\t\t\t\t\t\t\t\t\t\t\t\t\t\t\t\t\t\t\t<\/h3>\n\t\t\t\t\t\t\t\t \t\t\t\t\t\t\t\t\t\t                                <\/div>\n                            <\/div>\n                        <\/div>\n                                            <div class=\"col-xl-12 col-lg-12 col-md-12 col-12\">\n                            <div class=\"Eco-list-box \">\n                                <div class=\" eco-icon-list\">\n                                    <div class=\"eco-list-icon\">\n                                        <i aria-hidden=\"true\" class=\"bi bi-check2\"><\/i>                                    <\/div>\n                                <\/div>\n                                <div class=\"list-content-area\">\n\t\t\t\t\t\t\t\t\t \t\t\t\t\t\t\t\t\t\t<h3 class=\"list-title\"> \n\t\t\t\t\t\t\t\t\t\t\t\t\t\t\t\t\t\t\t\t\t\tSchutz und Wiederherstellung von Bodenqualit\u00e4t und -struktur\t\t\t\t\t\t\t\t\t\t\t\t\t\t\t\t\t\t\t\t\t<\/h3>\n\t\t\t\t\t\t\t\t \t\t\t\t\t\t\t\t\t\t                                <\/div>\n                            <\/div>\n                        <\/div>\n                                            <div class=\"col-xl-12 col-lg-12 col-md-12 col-12\">\n                            <div class=\"Eco-list-box \">\n                                <div class=\" eco-icon-list\">\n                                    <div class=\"eco-list-icon\">\n                                        <i aria-hidden=\"true\" class=\"bi bi-check2\"><\/i>                                    <\/div>\n                                <\/div>\n                                <div class=\"list-content-area\">\n\t\t\t\t\t\t\t\t\t \t\t\t\t\t\t\t\t\t\t<h3 class=\"list-title\"> \n\t\t\t\t\t\t\t\t\t\t\t\t\t\t\t\t\t\t\t\t\t\tNutzung von bodenschonenden Erntemethoden\t\t\t\t\t\t\t\t\t\t\t\t\t\t\t\t\t\t\t\t\t<\/h3>\n\t\t\t\t\t\t\t\t \t\t\t\t\t\t\t\t\t\t                                <\/div>\n                            <\/div>\n                        <\/div>\n                                            <div class=\"col-xl-12 col-lg-12 col-md-12 col-12\">\n                            <div class=\"Eco-list-box \">\n                                <div class=\" eco-icon-list\">\n                                    <div class=\"eco-list-icon\">\n                                        <i aria-hidden=\"true\" class=\"bi bi-check2\"><\/i>                                    <\/div>\n                                <\/div>\n                                <div class=\"list-content-area\">\n\t\t\t\t\t\t\t\t\t \t\t\t\t\t\t\t\t\t\t<h3 class=\"list-title\"> \n\t\t\t\t\t\t\t\t\t\t\t\t\t\t\t\t\t\t\t\t\t\tF\u00f6rderung der Biodiversit\u00e4t durch Schutz von Habitatvielfalt\t\t\t\t\t\t\t\t\t\t\t\t\t\t\t\t\t\t\t\t\t<\/h3>\n\t\t\t\t\t\t\t\t \t\t\t\t\t\t\t\t\t\t                                <\/div>\n                            <\/div>\n                        <\/div>\n                                            <div class=\"col-xl-12 col-lg-12 col-md-12 col-12\">\n                            <div class=\"Eco-list-box \">\n                                <div class=\" eco-icon-list\">\n                                    <div class=\"eco-list-icon\">\n                                        <i aria-hidden=\"true\" class=\"bi bi-check2\"><\/i>                                    <\/div>\n                                <\/div>\n                                <div class=\"list-content-area\">\n\t\t\t\t\t\t\t\t\t \t\t\t\t\t\t\t\t\t\t<h3 class=\"list-title\"> \n\t\t\t\t\t\t\t\t\t\t\t\t\t\t\t\t\t\t\t\t\t\tEntwicklung und F\u00f6rderung von Agroforstsystemen zur Synergie von Landwirtschaft und Forstwirtschaft\t\t\t\t\t\t\t\t\t\t\t\t\t\t\t\t\t\t\t\t\t<\/h3>\n\t\t\t\t\t\t\t\t \t\t\t\t\t\t\t\t\t\t                                <\/div>\n                            <\/div>\n                        <\/div>\n                                            <div class=\"col-xl-12 col-lg-12 col-md-12 col-12\">\n                            <div class=\"Eco-list-box \">\n                                <div class=\" eco-icon-list\">\n                                    <div class=\"eco-list-icon\">\n                                        <i aria-hidden=\"true\" class=\"bi bi-check2\"><\/i>                                    <\/div>\n                                <\/div>\n                                <div class=\"list-content-area\">\n\t\t\t\t\t\t\t\t\t \t\t\t\t\t\t\t\t\t\t<h3 class=\"list-title\"> \n\t\t\t\t\t\t\t\t\t\t\t\t\t\t\t\t\t\t\t\t\t\tSchaffung und Erhaltung von Pufferzonen und Schutzgebieten\t\t\t\t\t\t\t\t\t\t\t\t\t\t\t\t\t\t\t\t\t<\/h3>\n\t\t\t\t\t\t\t\t \t\t\t\t\t\t\t\t\t\t                                <\/div>\n                            <\/div>\n                        <\/div>\n                                            <div class=\"col-xl-12 col-lg-12 col-md-12 col-12\">\n                            <div class=\"Eco-list-box \">\n                                <div class=\" eco-icon-list\">\n                                    <div class=\"eco-list-icon\">\n                                        <i aria-hidden=\"true\" class=\"bi bi-check2\"><\/i>                                    <\/div>\n                                <\/div>\n                                <div class=\"list-content-area\">\n\t\t\t\t\t\t\t\t\t \t\t\t\t\t\t\t\t\t\t<h3 class=\"list-title\"> \n\t\t\t\t\t\t\t\t\t\t\t\t\t\t\t\t\t\t\t\t\t\tAnpassung der Bewirtschaftungspl\u00e4ne an sich ver\u00e4ndernde Klimabedingungen \t\t\t\t\t\t\t\t\t\t\t\t\t\t\t\t\t\t\t\t\t<\/h3>\n\t\t\t\t\t\t\t\t \t\t\t\t\t\t\t\t\t\t                                <\/div>\n                            <\/div>\n                        <\/div>\n                                            <div class=\"col-xl-12 col-lg-12 col-md-12 col-12\">\n                            <div class=\"Eco-list-box \">\n                                <div class=\" eco-icon-list\">\n                                    <div class=\"eco-list-icon\">\n                                        <i aria-hidden=\"true\" class=\"bi bi-check2\"><\/i>                                    <\/div>\n                                <\/div>\n                                <div class=\"list-content-area\">\n\t\t\t\t\t\t\t\t\t \t\t\t\t\t\t\t\t\t\t<h3 class=\"list-title\"> \n\t\t\t\t\t\t\t\t\t\t\t\t\t\t\t\t\t\t\t\t\t\tAnpassung der Baumartenwahl an k\u00fcnftige Klimabedingungen\t\t\t\t\t\t\t\t\t\t\t\t\t\t\t\t\t\t\t\t\t<\/h3>\n\t\t\t\t\t\t\t\t \t\t\t\t\t\t\t\t\t\t                                <\/div>\n                            <\/div>\n                        <\/div>\n                                    <\/div>\n            <\/div>\n        <\/div>\n    \t\t\t\t<\/div>\n\t\t\t\t<\/div>\n\t\t\t\t\t<\/div>\n\t\t<\/div>\n\t\t\t\t\t<\/div>\n\t\t<\/section>\n\t\t<div class=\"shapeanimation eco-section-image eco-section-image-b9501a1 elementor-repeater-item-50a81a4\"><\/div>\t\t<section data-eco-section-image=\"yes\" class=\"elementor-section elementor-top-section elementor-element elementor-element-b9501a1 elementor-section-content-top elementor-hidden-desktop elementor-hidden-tablet elementor-section-boxed elementor-section-height-default elementor-section-height-default\" data-id=\"b9501a1\" data-element_type=\"section\" data-e-type=\"section\" data-settings=\"{&quot;background_background&quot;:&quot;classic&quot;}\">\n\t\t\t\t\t\t<div class=\"elementor-container elementor-column-gap-no\">\n\t\t\t\t\t<div class=\"elementor-column elementor-col-50 elementor-top-column elementor-element elementor-element-ea2baa5\" data-id=\"ea2baa5\" data-element_type=\"column\" data-e-type=\"column\">\n\t\t\t<div class=\"elementor-widget-wrap elementor-element-populated\">\n\t\t\t\t\t\t<div class=\"elementor-element elementor-element-42dedd0 animated-slow elementor-invisible elementor-widget elementor-widget-text-editor\" data-id=\"42dedd0\" data-element_type=\"widget\" data-e-type=\"widget\" data-settings=\"{&quot;_animation&quot;:&quot;fadeIn&quot;}\" data-widget_type=\"text-editor.default\">\n\t\t\t\t<div class=\"elementor-widget-container\">\n\t\t\t\t\t\t\t\t\t<p>\u00a0F\u00dcR EINE GR\u00dcNERE ZUKUNFT<\/p>\t\t\t\t\t\t\t\t<\/div>\n\t\t\t\t<\/div>\n\t\t\t\t<div class=\"elementor-element elementor-element-a70b6f6 animated-slow elementor-invisible elementor-widget elementor-widget-heading\" data-id=\"a70b6f6\" data-element_type=\"widget\" data-e-type=\"widget\" data-settings=\"{&quot;_animation&quot;:&quot;fadeIn&quot;}\" data-widget_type=\"heading.default\">\n\t\t\t\t<div class=\"elementor-widget-container\">\n\t\t\t\t\t<h2 class=\"elementor-heading-title elementor-size-default\">Revolution\u00e4re Samenzucht:<\/h2>\t\t\t\t<\/div>\n\t\t\t\t<\/div>\n\t\t\t\t<div class=\"elementor-element elementor-element-cfd2559 animated-slow elementor-invisible elementor-widget elementor-widget-text-editor\" data-id=\"cfd2559\" data-element_type=\"widget\" data-e-type=\"widget\" data-settings=\"{&quot;_animation&quot;:&quot;fadeIn&quot;}\" data-widget_type=\"text-editor.default\">\n\t\t\t\t<div class=\"elementor-widget-container\">\n\t\t\t\t\t\t\t\t\t<p>Wir haben im Labor eine Alternative entwickelt, bei der &#8222;Saatgut&#8220; in-vitro vervielf\u00e4ltigt wird.<\/p>\t\t\t\t\t\t\t\t<\/div>\n\t\t\t\t<\/div>\n\t\t\t\t<div class=\"elementor-element elementor-element-f20525f animated-slow elementor-invisible elementor-widget elementor-widget-button\" data-id=\"f20525f\" data-element_type=\"widget\" data-e-type=\"widget\" data-settings=\"{&quot;_animation&quot;:&quot;fadeInRight&quot;,&quot;_animation_delay&quot;:200}\" data-widget_type=\"button.default\">\n\t\t\t\t<div class=\"elementor-widget-container\">\n\t\t\t\t\t\t\t\t\t<div class=\"elementor-button-wrapper\">\n\t\t\t\t\t<a class=\"elementor-button elementor-button-link elementor-size-sm\" href=\"#\">\n\t\t\t\t\t\t<span class=\"elementor-button-content-wrapper\">\n\t\t\t\t\t\t\t\t\t<span class=\"elementor-button-text\">Somatische Embryogenese<\/span>\n\t\t\t\t\t<\/span>\n\t\t\t\t\t<\/a>\n\t\t\t\t<\/div>\n\t\t\t\t\t\t\t\t<\/div>\n\t\t\t\t<\/div>\n\t\t\t\t\t<\/div>\n\t\t<\/div>\n\t\t\t\t<div class=\"elementor-column elementor-col-50 elementor-top-column elementor-element elementor-element-33aca92\" data-id=\"33aca92\" data-element_type=\"column\" data-e-type=\"column\">\n\t\t\t<div class=\"elementor-widget-wrap elementor-element-populated\">\n\t\t\t\t\t\t<div class=\"elementor-element elementor-element-409cd7c animated-slow elementor-invisible elementor-widget elementor-widget-text-editor\" data-id=\"409cd7c\" data-element_type=\"widget\" data-e-type=\"widget\" data-settings=\"{&quot;_animation&quot;:&quot;fadeIn&quot;}\" data-widget_type=\"text-editor.default\">\n\t\t\t\t<div class=\"elementor-widget-container\">\n\t\t\t\t\t\t\t\t\t<p>ERHALT UND F\u00d6RDERUNG VON MISCHW\u00c4LDER<\/p>\t\t\t\t\t\t\t\t<\/div>\n\t\t\t\t<\/div>\n\t\t\t\t<div class=\"elementor-element elementor-element-7989c04 animated-slow elementor-invisible elementor-widget elementor-widget-text-editor\" data-id=\"7989c04\" data-element_type=\"widget\" data-e-type=\"widget\" data-settings=\"{&quot;_animation&quot;:&quot;fadeIn&quot;}\" data-widget_type=\"text-editor.default\">\n\t\t\t\t<div class=\"elementor-widget-container\">\n\t\t\t\t\t\t\t\t\t<p>Um klimaresiliente W\u00e4lder aufzubauen, sind forstwirtschaftliche Ma\u00dfnahmen erforderlich, die darauf abzielen, die Anpassungsf\u00e4higkeit und Widerstandsf\u00e4higkeit der Wald\u00f6kosysteme zu verbessern. Dazu geh\u00f6ren:<\/p>\t\t\t\t\t\t\t\t<\/div>\n\t\t\t\t<\/div>\n\t\t\t\t<div class=\"elementor-element elementor-element-5967d2c animated-slow elementor-invisible elementor-widget elementor-widget-eco_eco-v2\" data-id=\"5967d2c\" data-element_type=\"widget\" data-e-type=\"widget\" data-settings=\"{&quot;_animation&quot;:&quot;fadeIn&quot;}\" data-widget_type=\"eco_eco-v2.default\">\n\t\t\t\t<div class=\"elementor-widget-container\">\n\t\t\t\t\t        <div class=\"ecofine_list-wrapper\">\n            <div class=\"container\">\n                <div class=\"row \">\n                                            <div class=\"col-xl-12 col-lg-12 col-md-12 col-12\">\n                            <div class=\"Eco-list-box \">\n                                <div class=\" eco-icon-list\">\n                                    <div class=\"eco-list-icon\">\n                                        <i aria-hidden=\"true\" class=\"bi bi-check2\"><\/i>                                    <\/div>\n                                <\/div>\n                                <div class=\"list-content-area\">\n\t\t\t\t\t\t\t\t\t \t\t\t\t\t\t\t\t\t\t<h3 class=\"list-title\"> \n\t\t\t\t\t\t\t\t\t\t\t\t\t\t\t\t\t\t\t\t\t\tF\u00f6rderung der nat\u00fcrlichen Regeneration von W\u00e4ldern\t\t\t\t\t\t\t\t\t\t\t\t\t\t\t\t\t\t\t\t\t<\/h3>\n\t\t\t\t\t\t\t\t \t\t\t\t\t\t\t\t\t\t                                <\/div>\n                            <\/div>\n                        <\/div>\n                                            <div class=\"col-xl-12 col-lg-12 col-md-12 col-12\">\n                            <div class=\"Eco-list-box \">\n                                <div class=\" eco-icon-list\">\n                                    <div class=\"eco-list-icon\">\n                                        <i aria-hidden=\"true\" class=\"bi bi-check2\"><\/i>                                    <\/div>\n                                <\/div>\n                                <div class=\"list-content-area\">\n\t\t\t\t\t\t\t\t\t \t\t\t\t\t\t\t\t\t\t<h3 class=\"list-title\"> \n\t\t\t\t\t\t\t\t\t\t\t\t\t\t\t\t\t\t\t\t\t\tDurchf\u00fchrung von gezielten Aufforstungs- und Wiederaufforstungsprojekten\t\t\t\t\t\t\t\t\t\t\t\t\t\t\t\t\t\t\t\t\t<\/h3>\n\t\t\t\t\t\t\t\t \t\t\t\t\t\t\t\t\t\t                                <\/div>\n                            <\/div>\n                        <\/div>\n                                            <div class=\"col-xl-12 col-lg-12 col-md-12 col-12\">\n                            <div class=\"Eco-list-box \">\n                                <div class=\" eco-icon-list\">\n                                    <div class=\"eco-list-icon\">\n                                        <i aria-hidden=\"true\" class=\"bi bi-check2\"><\/i>                                    <\/div>\n                                <\/div>\n                                <div class=\"list-content-area\">\n\t\t\t\t\t\t\t\t\t \t\t\t\t\t\t\t\t\t\t<h3 class=\"list-title\"> \n\t\t\t\t\t\t\t\t\t\t\t\t\t\t\t\t\t\t\t\t\t\tImplementierung von nachhaltigen Waldbewirtschaftungspraktiken\t\t\t\t\t\t\t\t\t\t\t\t\t\t\t\t\t\t\t\t\t<\/h3>\n\t\t\t\t\t\t\t\t \t\t\t\t\t\t\t\t\t\t                                <\/div>\n                            <\/div>\n                        <\/div>\n                                            <div class=\"col-xl-12 col-lg-12 col-md-12 col-12\">\n                            <div class=\"Eco-list-box \">\n                                <div class=\" eco-icon-list\">\n                                    <div class=\"eco-list-icon\">\n                                        <i aria-hidden=\"true\" class=\"bi bi-check2\"><\/i>                                    <\/div>\n                                <\/div>\n                                <div class=\"list-content-area\">\n\t\t\t\t\t\t\t\t\t \t\t\t\t\t\t\t\t\t\t<h3 class=\"list-title\"> \n\t\t\t\t\t\t\t\t\t\t\t\t\t\t\t\t\t\t\t\t\t\tVerst\u00e4rkung der Waldbrandpr\u00e4vention und -bek\u00e4mpfung\t\t\t\t\t\t\t\t\t\t\t\t\t\t\t\t\t\t\t\t\t<\/h3>\n\t\t\t\t\t\t\t\t \t\t\t\t\t\t\t\t\t\t                                <\/div>\n                            <\/div>\n                        <\/div>\n                                            <div class=\"col-xl-12 col-lg-12 col-md-12 col-12\">\n                            <div class=\"Eco-list-box \">\n                                <div class=\" eco-icon-list\">\n                                    <div class=\"eco-list-icon\">\n                                        <i aria-hidden=\"true\" class=\"bi bi-check2\"><\/i>                                    <\/div>\n                                <\/div>\n                                <div class=\"list-content-area\">\n\t\t\t\t\t\t\t\t\t \t\t\t\t\t\t\t\t\t\t<h3 class=\"list-title\"> \n\t\t\t\t\t\t\t\t\t\t\t\t\t\t\t\t\t\t\t\t\t\tSchutz und Wiederherstellung von Bodenqualit\u00e4t und -struktur\t\t\t\t\t\t\t\t\t\t\t\t\t\t\t\t\t\t\t\t\t<\/h3>\n\t\t\t\t\t\t\t\t \t\t\t\t\t\t\t\t\t\t                                <\/div>\n                            <\/div>\n                        <\/div>\n                                            <div class=\"col-xl-12 col-lg-12 col-md-12 col-12\">\n                            <div class=\"Eco-list-box \">\n                                <div class=\" eco-icon-list\">\n                                    <div class=\"eco-list-icon\">\n                                        <i aria-hidden=\"true\" class=\"bi bi-check2\"><\/i>                                    <\/div>\n                                <\/div>\n                                <div class=\"list-content-area\">\n\t\t\t\t\t\t\t\t\t \t\t\t\t\t\t\t\t\t\t<h3 class=\"list-title\"> \n\t\t\t\t\t\t\t\t\t\t\t\t\t\t\t\t\t\t\t\t\t\tNutzung von bodenschonenden Erntemethoden\t\t\t\t\t\t\t\t\t\t\t\t\t\t\t\t\t\t\t\t\t<\/h3>\n\t\t\t\t\t\t\t\t \t\t\t\t\t\t\t\t\t\t                                <\/div>\n                            <\/div>\n                        <\/div>\n                                            <div class=\"col-xl-12 col-lg-12 col-md-12 col-12\">\n                            <div class=\"Eco-list-box \">\n                                <div class=\" eco-icon-list\">\n                                    <div class=\"eco-list-icon\">\n                                        <i aria-hidden=\"true\" class=\"bi bi-check2\"><\/i>                                    <\/div>\n                                <\/div>\n                                <div class=\"list-content-area\">\n\t\t\t\t\t\t\t\t\t \t\t\t\t\t\t\t\t\t\t<h3 class=\"list-title\"> \n\t\t\t\t\t\t\t\t\t\t\t\t\t\t\t\t\t\t\t\t\t\tF\u00f6rderung der Biodiversit\u00e4t durch Schutz von Habitatvielfalt\t\t\t\t\t\t\t\t\t\t\t\t\t\t\t\t\t\t\t\t\t<\/h3>\n\t\t\t\t\t\t\t\t \t\t\t\t\t\t\t\t\t\t                                <\/div>\n                            <\/div>\n                        <\/div>\n                                            <div class=\"col-xl-12 col-lg-12 col-md-12 col-12\">\n                            <div class=\"Eco-list-box \">\n                                <div class=\" eco-icon-list\">\n                                    <div class=\"eco-list-icon\">\n                                        <i aria-hidden=\"true\" class=\"bi bi-check2\"><\/i>                                    <\/div>\n                                <\/div>\n                                <div class=\"list-content-area\">\n\t\t\t\t\t\t\t\t\t \t\t\t\t\t\t\t\t\t\t<h3 class=\"list-title\"> \n\t\t\t\t\t\t\t\t\t\t\t\t\t\t\t\t\t\t\t\t\t\tEntwicklung und F\u00f6rderung von Agroforstsystemen zur Synergie von Landwirtschaft und Forstwirtschaft\t\t\t\t\t\t\t\t\t\t\t\t\t\t\t\t\t\t\t\t\t<\/h3>\n\t\t\t\t\t\t\t\t \t\t\t\t\t\t\t\t\t\t                                <\/div>\n                            <\/div>\n                        <\/div>\n                                            <div class=\"col-xl-12 col-lg-12 col-md-12 col-12\">\n                            <div class=\"Eco-list-box \">\n                                <div class=\" eco-icon-list\">\n                                    <div class=\"eco-list-icon\">\n                                        <i aria-hidden=\"true\" class=\"bi bi-check2\"><\/i>                                    <\/div>\n                                <\/div>\n                                <div class=\"list-content-area\">\n\t\t\t\t\t\t\t\t\t \t\t\t\t\t\t\t\t\t\t<h3 class=\"list-title\"> \n\t\t\t\t\t\t\t\t\t\t\t\t\t\t\t\t\t\t\t\t\t\tSchaffung und Erhaltung von Pufferzonen und Schutzgebieten\t\t\t\t\t\t\t\t\t\t\t\t\t\t\t\t\t\t\t\t\t<\/h3>\n\t\t\t\t\t\t\t\t \t\t\t\t\t\t\t\t\t\t                                <\/div>\n                            <\/div>\n                        <\/div>\n                                            <div class=\"col-xl-12 col-lg-12 col-md-12 col-12\">\n                            <div class=\"Eco-list-box \">\n                                <div class=\" eco-icon-list\">\n                                    <div class=\"eco-list-icon\">\n                                        <i aria-hidden=\"true\" class=\"bi bi-check2\"><\/i>                                    <\/div>\n                                <\/div>\n                                <div class=\"list-content-area\">\n\t\t\t\t\t\t\t\t\t \t\t\t\t\t\t\t\t\t\t<h3 class=\"list-title\"> \n\t\t\t\t\t\t\t\t\t\t\t\t\t\t\t\t\t\t\t\t\t\tAnpassung der Bewirtschaftungspl\u00e4ne an sich ver\u00e4ndernde Klimabedingungen \t\t\t\t\t\t\t\t\t\t\t\t\t\t\t\t\t\t\t\t\t<\/h3>\n\t\t\t\t\t\t\t\t \t\t\t\t\t\t\t\t\t\t                                <\/div>\n                            <\/div>\n                        <\/div>\n                                            <div class=\"col-xl-12 col-lg-12 col-md-12 col-12\">\n                            <div class=\"Eco-list-box \">\n                                <div class=\" eco-icon-list\">\n                                    <div class=\"eco-list-icon\">\n                                        <i aria-hidden=\"true\" class=\"bi bi-check2\"><\/i>                                    <\/div>\n                                <\/div>\n                                <div class=\"list-content-area\">\n\t\t\t\t\t\t\t\t\t \t\t\t\t\t\t\t\t\t\t<h3 class=\"list-title\"> \n\t\t\t\t\t\t\t\t\t\t\t\t\t\t\t\t\t\t\t\t\t\tAnpassung der Baumartenwahl an k\u00fcnftige Klimabedingungen\t\t\t\t\t\t\t\t\t\t\t\t\t\t\t\t\t\t\t\t\t<\/h3>\n\t\t\t\t\t\t\t\t \t\t\t\t\t\t\t\t\t\t                                <\/div>\n                            <\/div>\n                        <\/div>\n                                    <\/div>\n            <\/div>\n        <\/div>\n    \t\t\t\t<\/div>\n\t\t\t\t<\/div>\n\t\t\t\t\t<\/div>\n\t\t<\/div>\n\t\t\t\t\t<\/div>\n\t\t<\/section>\n\t\t<div class=\"elementor-element elementor-element-1c1aaed e-flex e-con-boxed e-con e-parent\" data-id=\"1c1aaed\" data-element_type=\"container\" data-e-type=\"container\" data-settings=\"{&quot;background_background&quot;:&quot;classic&quot;}\">\n\t\t\t\t\t<div class=\"e-con-inner\">\n\t\t<div class=\"elementor-element elementor-element-a9ffc9e e-con-full e-flex e-con e-child\" data-id=\"a9ffc9e\" data-element_type=\"container\" data-e-type=\"container\">\n\t\t\t\t<div class=\"elementor-element elementor-element-7de86f9 elementor-invisible elementor-widget elementor-widget-text-editor\" data-id=\"7de86f9\" data-element_type=\"widget\" data-e-type=\"widget\" data-settings=\"{&quot;_animation&quot;:&quot;fadeIn&quot;}\" data-widget_type=\"text-editor.default\">\n\t\t\t\t<div class=\"elementor-widget-container\">\n\t\t\t\t\t\t\t\t\t<p>DAS PROBLEM:<\/p>\t\t\t\t\t\t\t\t<\/div>\n\t\t\t\t<\/div>\n\t\t\t\t<div class=\"elementor-element elementor-element-57c9feb elementor-widget elementor-widget-text-editor\" data-id=\"57c9feb\" data-element_type=\"widget\" data-e-type=\"widget\" data-widget_type=\"text-editor.default\">\n\t\t\t\t<div class=\"elementor-widget-container\">\n\t\t\t\t\t\t\t\t\t<p>Es gibt immer weniger Baumarten, die flexibel genug sind, um den Klimawandel zu \u00fcberstehen. B\u00e4ume, die jetzt zur Wiederaufforstung gepflanzt werden, m\u00fcssen sowohl unter heutigen als auch zuk\u00fcnftigen Bedingungen bestehen. Sie m\u00fcssen also N\u00e4sse, K\u00e4lte und Frost der n\u00e4chsten Jahre standhalten und auch mit einem deutlich w\u00e4rmeren Klima und Trockenheit gegen Ende des Jahrhunderts zurechtkommen.<\/p>\t\t\t\t\t\t\t\t<\/div>\n\t\t\t\t<\/div>\n\t\t\t\t<div class=\"elementor-element elementor-element-da25251 elementor-widget elementor-widget-text-editor\" data-id=\"da25251\" data-element_type=\"widget\" data-e-type=\"widget\" data-widget_type=\"text-editor.default\">\n\t\t\t\t<div class=\"elementor-widget-container\">\n\t\t\t\t\t\t\t\t\t<p>Studien zeigen, dass in Europa zwischen einem Drittel und der H\u00e4lfte der Baumarten den Klimabedingungen zum Ende des Jahrhunderts je nach Region nicht mehr gewachsen sind.<\/p>\t\t\t\t\t\t\t\t<\/div>\n\t\t\t\t<\/div>\n\t\t\t\t<div class=\"elementor-element elementor-element-1efcff3 elementor-widget elementor-widget-text-editor\" data-id=\"1efcff3\" data-element_type=\"widget\" data-e-type=\"widget\" data-widget_type=\"text-editor.default\">\n\t\t\t\t<div class=\"elementor-widget-container\">\n\t\t\t\t\t\t\t\t\t<p>Gleichzeitig m\u00fcssen neu angepflanzte Baumarten f\u00fcr die Forstwirtschaft wirtschaftlich attraktiv sein. Europ\u00e4ische W\u00e4lder beherbergen von Natur aus weniger Baumarten als solche in klimatisch vergleichbaren Gebieten Nordamerikas und Ostasiens. Der Klimawandel schr\u00e4nkt diesen Artenpool nun noch st\u00e4rker ein.<\/p>\t\t\t\t\t\t\t\t<\/div>\n\t\t\t\t<\/div>\n\t\t\t\t<div class=\"elementor-element elementor-element-8b20110 elementor-widget elementor-widget-text-editor\" data-id=\"8b20110\" data-element_type=\"widget\" data-e-type=\"widget\" data-widget_type=\"text-editor.default\">\n\t\t\t\t<div class=\"elementor-widget-container\">\n\t\t\t\t\t\t\t\t\t<p>Mit der Schrumpfung des Artenpools ist der Aufbau nat\u00fcrlicher, artenreicher und klimaresilienter Mischw\u00e4lder gef\u00e4hrdet. Damit verbunden sind negative Auswirkungen auf die Holzproduktion, die Kohlenstoffspeicherung und die Erhaltung der biologischen Vielfalt.<\/p>\t\t\t\t\t\t\t\t<\/div>\n\t\t\t\t<\/div>\n\t\t\t\t<div class=\"elementor-element elementor-element-1b280fb elementor-widget elementor-widget-text-editor\" data-id=\"1b280fb\" data-element_type=\"widget\" data-e-type=\"widget\" data-widget_type=\"text-editor.default\">\n\t\t\t\t<div class=\"elementor-widget-container\">\n\t\t\t\t\t\t\t\t\t<p>Eine L\u00f6sung f\u00fcr das Problem des schrumpfenden Artenpools klimaresilienter Baumarten liegt im Pflanzen nicht-heimischer Baumarten, die gleichzeitig waldwirtschaftlich attraktiv sind.<\/p>\t\t\t\t\t\t\t\t<\/div>\n\t\t\t\t<\/div>\n\t\t\t\t<div class=\"elementor-element elementor-element-ebf00cb elementor-widget elementor-widget-text-editor\" data-id=\"ebf00cb\" data-element_type=\"widget\" data-e-type=\"widget\" data-widget_type=\"text-editor.default\">\n\t\t\t\t<div class=\"elementor-widget-container\">\n\t\t\t\t\t\t\t\t\t<p>Die Titan-L\u00e4rche bietet sich als klimastabilerer Baum mit hervorragenden Eigenschaften an, der durch somatische Embryogenese in beliebiger Menge und planbar zur Verf\u00fcgung steht.<\/p>\t\t\t\t\t\t\t\t<\/div>\n\t\t\t\t<\/div>\n\t\t\t\t<\/div>\n\t\t\t\t\t<\/div>\n\t\t\t\t<\/div>\n\t\t\t\t<section class=\"elementor-section elementor-top-section elementor-element elementor-element-b2d139f elementor-hidden-mobile elementor-section-boxed elementor-section-height-default elementor-section-height-default\" data-id=\"b2d139f\" data-element_type=\"section\" data-e-type=\"section\" data-settings=\"{&quot;background_background&quot;:&quot;classic&quot;}\">\n\t\t\t\t\t\t\t<div class=\"elementor-background-overlay\"><\/div>\n\t\t\t\t\t\t\t<div class=\"elementor-container elementor-column-gap-no\">\n\t\t\t\t\t<div class=\"elementor-column elementor-col-50 elementor-top-column elementor-element elementor-element-c32a815\" data-id=\"c32a815\" data-element_type=\"column\" data-e-type=\"column\">\n\t\t\t<div class=\"elementor-widget-wrap elementor-element-populated\">\n\t\t\t\t\t\t<div class=\"elementor-element elementor-element-36b2731 animated-slow elementor-invisible elementor-widget elementor-widget-ecofinecore_about\" data-id=\"36b2731\" data-element_type=\"widget\" data-e-type=\"widget\" data-settings=\"{&quot;_animation&quot;:&quot;fadeIn&quot;}\" data-widget_type=\"ecofinecore_about.default\">\n\t\t\t\t<div class=\"elementor-widget-container\">\n\t\t\t\t\t        <div class=\"about-section-wraper\">\n            <div class=\"container\">\n            <div class=\"about_content \">\n                <div class=\"about-item\">\n                 <h4 class=\"about-small-stitle\"> MISSION <\/h4>                 <h2 class=\"about-title\"> Projekt Wald: Gemeinsam f\u00fcr unsere Zukunft sorgen <\/h2>                  <div class=\"about-des\"> <p>In einer Zeit, in der der Klimawandel unaufhaltsam voranschreitet und die Natur immer mehr unter Druck ger\u00e4t, ist es an der Zeit, dass wir handeln. <\/p><p>Gemeinsam k\u00f6nnen wir viel erreichen: Von Aufforstungsprojekten \u00fcber die Pflege und den Schutz bestehender W\u00e4lder bis hin zur Sensibilisierung der \u00d6ffentlichkeit f\u00fcr die Bedeutung dieser gr\u00fcnen Lungen unseres Planeten. Nur so k\u00f6nnen wir sicherstellen, dass unsere W\u00e4lder auch f\u00fcr kommende Generationen erhalten bleiben.<\/p><p>Sch\u00fctzen wir den Wald und zollen ihm die Anerkennung und den Respekt, den er verdient. Jeder Baum, den wir pflanzen, jeder Wald, den wir sch\u00fctzen, ist ein Schritt in die richtige Richtung f\u00fcr eine nachhaltige und lebenswerte Zukunft.<\/p> <\/div>                <\/div>\n                                            <\/div>\n        <\/div>\n        <\/div>\n        \t\t\t\t<\/div>\n\t\t\t\t<\/div>\n\t\t\t\t<div class=\"elementor-element elementor-element-1761654 elementor-widget elementor-widget-eco_icon_box\" data-id=\"1761654\" data-element_type=\"widget\" data-e-type=\"widget\" data-widget_type=\"eco_icon_box.default\">\n\t\t\t\t<div class=\"elementor-widget-container\">\n\t\t\t\t\t        <div class=\"eco-icon-box-wrapper\">\n            <div class=\"container\">\n                <div class=\"eco-icon-boxs\">\n                    <div class=\"row\">\n                                                <div class=\"col-xl-6 col-lg-6 col-md-6 col-12\">\n                            <div class=\"eco-icon-box-item \">\n                                                                            <div class=\"eco-icon\">\n                                           <div class=\"eco-icon-position\">\n                                            <svg aria-hidden=\"true\" class=\"e-font-icon-svg e-fas-tree\" viewBox=\"0 0 384 512\" xmlns=\"http:\/\/www.w3.org\/2000\/svg\"><path d=\"M378.31 378.49L298.42 288h30.63c9.01 0 16.98-5 20.78-13.06 3.8-8.04 2.55-17.26-3.28-24.05L268.42 160h28.89c9.1 0 17.3-5.35 20.86-13.61 3.52-8.13 1.86-17.59-4.24-24.08L203.66 4.83c-6.03-6.45-17.28-6.45-23.32 0L70.06 122.31c-6.1 6.49-7.75 15.95-4.24 24.08C69.38 154.65 77.59 160 86.69 160h28.89l-78.14 90.91c-5.81 6.78-7.06 15.99-3.27 24.04C37.97 283 45.93 288 54.95 288h30.63L5.69 378.49c-6 6.79-7.36 16.09-3.56 24.26 3.75 8.05 12 13.25 21.01 13.25H160v24.45l-30.29 48.4c-5.32 10.64 2.42 23.16 14.31 23.16h95.96c11.89 0 19.63-12.52 14.31-23.16L224 440.45V416h136.86c9.01 0 17.26-5.2 21.01-13.25 3.8-8.17 2.44-17.47-3.56-24.26z\"><\/path><\/svg>                                            <\/div>\n                                        <\/div>\n                                    \n                                \t                                <a href=\"https:\/\/www.baumschulen-oberdorla.de\"  target=\"_blank\" rel=\"nofollow\">\n\t                                                                                                        <h3 class=\"icon-title\">\n                                            Baumschulen Oberdorla                                        <\/h3>\n                                                                                                       <\/a>\n                                                                <div class=\"icon-description\">\n                                    Forschung und Entwicklung einer der st\u00e4rksten L\u00e4rchen                                <\/div>\n                            <\/div>\n                        <\/div>\n                                                <div class=\"col-xl-6 col-lg-6 col-md-6 col-12\">\n                            <div class=\"eco-icon-box-item \">\n                                                                            <div class=\"eco-icon\">\n                                           <div class=\"eco-icon-position\">\n                                            <i aria-hidden=\"true\" class=\"bi bi-house-heart-fill\"><\/i>                                            <\/div>\n                                        <\/div>\n                                    \n                                \t                                <a href=\"https:\/\/www.tupag.de\"  target=\"_blank\" rel=\"nofollow\">\n\t                                                                                                        <h3 class=\"icon-title\">\n                                            TUPAG-Holding-AG                                        <\/h3>\n                                                                                                       <\/a>\n                                                                <div class=\"icon-description\">\n                                    Projektleitung und Initator                                 <\/div>\n                            <\/div>\n                        <\/div>\n                                            <\/div>\n                <\/div>\n            <\/div>\n        <\/div>\n        \t\t\t\t<\/div>\n\t\t\t\t<\/div>\n\t\t\t\t\t<\/div>\n\t\t<\/div>\n\t\t\t\t<div class=\"elementor-column elementor-col-50 elementor-top-column elementor-element elementor-element-cd322e2\" data-id=\"cd322e2\" data-element_type=\"column\" data-e-type=\"column\">\n\t\t\t<div class=\"elementor-widget-wrap\">\n\t\t\t\t\t\t\t<\/div>\n\t\t<\/div>\n\t\t\t\t\t<\/div>\n\t\t<\/section>\n\t\t\t\t<section class=\"elementor-section elementor-top-section elementor-element elementor-element-3d00c26 elementor-hidden-desktop elementor-hidden-tablet elementor-section-boxed elementor-section-height-default elementor-section-height-default\" data-id=\"3d00c26\" data-element_type=\"section\" data-e-type=\"section\" data-settings=\"{&quot;background_background&quot;:&quot;classic&quot;}\">\n\t\t\t\t\t\t\t<div class=\"elementor-background-overlay\"><\/div>\n\t\t\t\t\t\t\t<div class=\"elementor-container elementor-column-gap-no\">\n\t\t\t\t\t<div class=\"elementor-column elementor-col-50 elementor-top-column elementor-element elementor-element-4fa6759\" data-id=\"4fa6759\" data-element_type=\"column\" data-e-type=\"column\">\n\t\t\t<div class=\"elementor-widget-wrap elementor-element-populated\">\n\t\t\t\t\t\t<div class=\"elementor-element elementor-element-3f324a9 animated-slow elementor-invisible elementor-widget elementor-widget-ecofinecore_about\" data-id=\"3f324a9\" data-element_type=\"widget\" data-e-type=\"widget\" data-settings=\"{&quot;_animation&quot;:&quot;fadeIn&quot;}\" data-widget_type=\"ecofinecore_about.default\">\n\t\t\t\t<div class=\"elementor-widget-container\">\n\t\t\t\t\t        <div class=\"about-section-wraper\">\n            <div class=\"container\">\n            <div class=\"about_content \">\n                <div class=\"about-item\">\n                 <h4 class=\"about-small-stitle\"> MISSION <\/h4>                 <h2 class=\"about-title\"> Projekt Wald: Gemeinsam f\u00fcr unsere Zukunft sorgen <\/h2>                  <div class=\"about-des\"> <p>In einer Zeit, in der der Klimawandel unaufhaltsam voranschreitet und die Natur immer mehr unter Druck ger\u00e4t, ist es an der Zeit, dass wir handeln. <\/p><p>Gemeinsam k\u00f6nnen wir viel erreichen: Von Aufforstungsprojekten \u00fcber die Pflege und den Schutz bestehender W\u00e4lder bis hin zur Sensibilisierung der \u00d6ffentlichkeit f\u00fcr die Bedeutung dieser gr\u00fcnen Lungen unseres Planeten. Nur so k\u00f6nnen wir sicherstellen, dass unsere W\u00e4lder auch f\u00fcr kommende Generationen erhalten bleiben.<\/p><p>Sch\u00fctzen wir den Wald und zollen ihm die Anerkennung und den Respekt, den er verdient. Jeder Baum, den wir pflanzen, jeder Wald, den wir sch\u00fctzen, ist ein Schritt in die richtige Richtung f\u00fcr eine nachhaltige und lebenswerte Zukunft.<\/p> <\/div>                <\/div>\n                                            <\/div>\n        <\/div>\n        <\/div>\n        \t\t\t\t<\/div>\n\t\t\t\t<\/div>\n\t\t\t\t<div class=\"elementor-element elementor-element-a1483f7 elementor-widget elementor-widget-eco_icon_box\" data-id=\"a1483f7\" data-element_type=\"widget\" data-e-type=\"widget\" data-widget_type=\"eco_icon_box.default\">\n\t\t\t\t<div class=\"elementor-widget-container\">\n\t\t\t\t\t        <div class=\"eco-icon-box-wrapper\">\n            <div class=\"container\">\n                <div class=\"eco-icon-boxs\">\n                    <div class=\"row\">\n                                                <div class=\"col-xl-6 col-lg-6 col-md-6 col-12\">\n                            <div class=\"eco-icon-box-item \">\n                                                                            <div class=\"eco-icon\">\n                                           <div class=\"eco-icon-position\">\n                                            <svg aria-hidden=\"true\" class=\"e-font-icon-svg e-fas-tree\" viewBox=\"0 0 384 512\" xmlns=\"http:\/\/www.w3.org\/2000\/svg\"><path d=\"M378.31 378.49L298.42 288h30.63c9.01 0 16.98-5 20.78-13.06 3.8-8.04 2.55-17.26-3.28-24.05L268.42 160h28.89c9.1 0 17.3-5.35 20.86-13.61 3.52-8.13 1.86-17.59-4.24-24.08L203.66 4.83c-6.03-6.45-17.28-6.45-23.32 0L70.06 122.31c-6.1 6.49-7.75 15.95-4.24 24.08C69.38 154.65 77.59 160 86.69 160h28.89l-78.14 90.91c-5.81 6.78-7.06 15.99-3.27 24.04C37.97 283 45.93 288 54.95 288h30.63L5.69 378.49c-6 6.79-7.36 16.09-3.56 24.26 3.75 8.05 12 13.25 21.01 13.25H160v24.45l-30.29 48.4c-5.32 10.64 2.42 23.16 14.31 23.16h95.96c11.89 0 19.63-12.52 14.31-23.16L224 440.45V416h136.86c9.01 0 17.26-5.2 21.01-13.25 3.8-8.17 2.44-17.47-3.56-24.26z\"><\/path><\/svg>                                            <\/div>\n                                        <\/div>\n                                    \n                                \t                                <a href=\"https:\/\/www.baumschule-oberdorla.de\"  target=\"_blank\" rel=\"nofollow\">\n\t                                                                                                        <h3 class=\"icon-title\">\n                                            Baumschulen Oberdorla                                        <\/h3>\n                                                                                                       <\/a>\n                                                                <div class=\"icon-description\">\n                                    Forschung und Entwicklung einer der st\u00e4rksten L\u00e4rchen                                <\/div>\n                            <\/div>\n                        <\/div>\n                                                <div class=\"col-xl-6 col-lg-6 col-md-6 col-12\">\n                            <div class=\"eco-icon-box-item \">\n                                                                            <div class=\"eco-icon\">\n                                           <div class=\"eco-icon-position\">\n                                            <i aria-hidden=\"true\" class=\"bi bi-house-heart-fill\"><\/i>                                            <\/div>\n                                        <\/div>\n                                    \n                                \t                                <a href=\"https:\/\/www.tupag.de\"  target=\"_blank\" rel=\"nofollow\">\n\t                                                                                                        <h3 class=\"icon-title\">\n                                            TUPAG Holding AG                                        <\/h3>\n                                                                                                       <\/a>\n                                                                <div class=\"icon-description\">\n                                    Projektleitung und Initator                                 <\/div>\n                            <\/div>\n                        <\/div>\n                                            <\/div>\n                <\/div>\n            <\/div>\n        <\/div>\n        \t\t\t\t<\/div>\n\t\t\t\t<\/div>\n\t\t\t\t\t<\/div>\n\t\t<\/div>\n\t\t\t\t<div class=\"elementor-column elementor-col-50 elementor-top-column elementor-element elementor-element-cce5222\" data-id=\"cce5222\" data-element_type=\"column\" data-e-type=\"column\">\n\t\t\t<div class=\"elementor-widget-wrap\">\n\t\t\t\t\t\t\t<\/div>\n\t\t<\/div>\n\t\t\t\t\t<\/div>\n\t\t<\/section>\n\t\t\t\t<\/div>\n\t\t","protected":false},"excerpt":{"rendered":"<p>Mission: Klimaresiliente Forstwirtschaft Sicherstellung der nachhaltigen Bewirtschaftung und Nutzung unserer W\u00e4lder. Mission: Klimaresiliente Forstwirtschaft Sicherstellung der nachhaltigen Bewirtschaftung und Nutzung unserer W\u00e4lder. DER WALD: UNSERE LEBENSADER IM EINSATZ GEGEN DEN KLIMAWANDEL Herausforderungen und L\u00f6sungsans\u00e4tze Der Klimawandel hat vielf\u00e4ltige und tiefgreifende Auswirkungen auf unsere W\u00e4lder. H\u00f6here Temperaturen und Trockenstress erh\u00f6hen das Risiko von Baumsch\u00e4den und -sterben. [&hellip;]<\/p>\n","protected":false},"author":1,"featured_media":0,"parent":0,"menu_order":0,"comment_status":"closed","ping_status":"closed","template":"template-home.php","meta":{"footnotes":""},"class_list":["post-5769","page","type-page","status-publish","hentry"],"_links":{"self":[{"href":"https:\/\/www.titan-laerche.de\/en\/wp-json\/wp\/v2\/pages\/5769","targetHints":{"allow":["GET"]}}],"collection":[{"href":"https:\/\/www.titan-laerche.de\/en\/wp-json\/wp\/v2\/pages"}],"about":[{"href":"https:\/\/www.titan-laerche.de\/en\/wp-json\/wp\/v2\/types\/page"}],"author":[{"embeddable":true,"href":"https:\/\/www.titan-laerche.de\/en\/wp-json\/wp\/v2\/users\/1"}],"replies":[{"embeddable":true,"href":"https:\/\/www.titan-laerche.de\/en\/wp-json\/wp\/v2\/comments?post=5769"}],"version-history":[{"count":385,"href":"https:\/\/www.titan-laerche.de\/en\/wp-json\/wp\/v2\/pages\/5769\/revisions"}],"predecessor-version":[{"id":8527,"href":"https:\/\/www.titan-laerche.de\/en\/wp-json\/wp\/v2\/pages\/5769\/revisions\/8527"}],"wp:attachment":[{"href":"https:\/\/www.titan-laerche.de\/en\/wp-json\/wp\/v2\/media?parent=5769"}],"curies":[{"name":"wp","href":"https:\/\/api.w.org\/{rel}","templated":true}]}}